{"id":2,"date":"2025-10-29T07:42:03","date_gmt":"2025-10-29T07:42:03","guid":{"rendered":"https:\/\/igter.gouv.cd\/?page_id=2"},"modified":"2025-11-17T15:15:16","modified_gmt":"2025-11-17T15:15:16","slug":"sample-page","status":"publish","type":"page","link":"https:\/\/igter.gouv.cd\/?page_id=2","title":{"rendered":"Apropos-"},"content":{"rendered":"\t\t<div data-elementor-type=\"wp-page\" data-elementor-id=\"2\" class=\"elementor elementor-2\">\n\t\t\t\t<div class=\"elementor-element elementor-element-58af46b e-flex e-con-boxed e-con e-parent\" data-id=\"58af46b\" data-element_type=\"container\">\n\t\t\t\t\t<div class=\"e-con-inner\">\n\t\t<div class=\"elementor-element elementor-element-84366e0 e-con-full e-flex e-con e-child\" data-id=\"84366e0\" data-element_type=\"container\">\n\t\t\t\t<div class=\"elementor-element elementor-element-6911029 elementor-widget elementor-widget-image\" data-id=\"6911029\" data-element_type=\"widget\" data-widget_type=\"image.default\">\n\t\t\t\t\t\t\t\t\t\t\t\t\t\t\t<img fetchpriority=\"high\" decoding=\"async\" width=\"1024\" height=\"1024\" src=\"https:\/\/igter.gouv.cd\/wp-content\/uploads\/2025\/11\/WhatsApp-Image-2025-11-11-at-20.png\" class=\"attachment-large size-large wp-image-181\" alt=\"\" srcset=\"https:\/\/igter.gouv.cd\/wp-content\/uploads\/2025\/11\/WhatsApp-Image-2025-11-11-at-20.png 1024w, https:\/\/igter.gouv.cd\/wp-content\/uploads\/2025\/11\/WhatsApp-Image-2025-11-11-at-20-300x300.png 300w, https:\/\/igter.gouv.cd\/wp-content\/uploads\/2025\/11\/WhatsApp-Image-2025-11-11-at-20-150x150.png 150w, https:\/\/igter.gouv.cd\/wp-content\/uploads\/2025\/11\/WhatsApp-Image-2025-11-11-at-20-768x768.png 768w\" sizes=\"(max-width: 1024px) 100vw, 1024px\" \/>\t\t\t\t\t\t\t\t\t\t\t\t\t\t\t<\/div>\n\t\t\t\t<\/div>\n\t\t<div class=\"elementor-element elementor-element-d69aecd e-con-full e-flex e-con e-child\" data-id=\"d69aecd\" data-element_type=\"container\">\n\t\t\t\t<div class=\"elementor-element elementor-element-6d605af elementor-widget__width-initial elementor-widget elementor-widget-heading\" data-id=\"6d605af\" data-element_type=\"widget\" data-widget_type=\"heading.default\">\n\t\t\t\t\t<h2 class=\"elementor-heading-title elementor-size-default\">Historique<\/h2>\t\t\t\t<\/div>\n\t\t\t\t<div class=\"elementor-element elementor-element-a1e3562 elementor-widget elementor-widget-text-editor\" data-id=\"a1e3562\" data-element_type=\"widget\" data-widget_type=\"text-editor.default\">\n\t\t\t\t\t\t\t\t\t<p>Historique\u00a0: Cr\u00e9\u00e9e sous tutelle du Minist\u00e8re de l\u2019Int\u00e9rieur par un d\u00e9cret-loi en 1998, dans un contexte de transition politique et de r\u00e9forme de l&rsquo;\u00c9tat, l\u2019Inspection G\u00e9n\u00e9rale de la Territoriale (IGTER) est un organe technique de contr\u00f4le et de suivi. Elle est n\u00e9e d\u2019un besoin crucial de renforcer la transparence, la redevabilit\u00e9 et la bonne gouvernance territoriale en R\u00e9publique D\u00e9mocratique du Congo.<\/p>\t\t\t\t\t\t\t\t<\/div>\n\t\t\t\t<\/div>\n\t\t<div class=\"elementor-element elementor-element-ff41ed4 e-con-full e-flex e-con e-child\" data-id=\"ff41ed4\" data-element_type=\"container\">\n\t\t\t\t<div class=\"elementor-element elementor-element-34aac6c elementor-widget elementor-widget-image\" data-id=\"34aac6c\" data-element_type=\"widget\" data-widget_type=\"image.default\">\n\t\t\t\t\t\t\t\t\t\t\t\t\t\t\t<img decoding=\"async\" width=\"283\" height=\"282\" src=\"https:\/\/igter.gouv.cd\/wp-content\/uploads\/2025\/11\/WhatsApp-Image-2025-11-13-at-10.png\" class=\"attachment-large size-large wp-image-182\" alt=\"\" srcset=\"https:\/\/igter.gouv.cd\/wp-content\/uploads\/2025\/11\/WhatsApp-Image-2025-11-13-at-10.png 283w, https:\/\/igter.gouv.cd\/wp-content\/uploads\/2025\/11\/WhatsApp-Image-2025-11-13-at-10-150x150.png 150w\" sizes=\"(max-width: 283px) 100vw, 283px\" \/>\t\t\t\t\t\t\t\t\t\t\t\t\t\t\t<\/div>\n\t\t\t\t<\/div>\n\t\t<div class=\"elementor-element elementor-element-da2db3e e-con-full e-flex e-con e-child\" data-id=\"da2db3e\" data-element_type=\"container\">\n\t\t\t\t<div class=\"elementor-element elementor-element-b610f16 elementor-widget elementor-widget-heading\" data-id=\"b610f16\" data-element_type=\"widget\" data-widget_type=\"heading.default\">\n\t\t\t\t\t<h2 class=\"elementor-heading-title elementor-size-default\">Mission<\/h2>\t\t\t\t<\/div>\n\t\t\t\t<div class=\"elementor-element elementor-element-8507e4f elementor-widget__width-initial elementor-widget elementor-widget-heading\" data-id=\"8507e4f\" data-element_type=\"widget\" data-widget_type=\"heading.default\">\n\t\t\t\t\t<h2 class=\"elementor-heading-title elementor-size-default\"><p>Mission : &nbsp;L'IGT a pour r\u00f4le de coordonner, contr\u00f4ler et\u00e9valuer l\u2019action des administrations locales \u00e0 travers tout le pays. Elle repose sur une structure op\u00e9rationnelle compos\u00e9e de :&nbsp; 8 pools zonaux&nbsp; ,26 inspections provinciales  Cette plateforme vous permettra de d\u00e9couvrir en d\u00e9tail :&nbsp; Notre structure&nbsp; , Nos agents&nbsp;, Nos m\u00e9canismes de contr\u00f4le&nbsp; <\/p><br><p>Ses inspecteurs, en tant qu\u2019officiers de policejudiciaire \u00e0 comp\u00e9tence g\u00e9n\u00e9rale, sont d\u00e9ploy\u00e9s pour auditer, conseiller etpr\u00e9venir toute d\u00e9faillance au sein du service public.<\/p><p>\n\n<\/p><p>\n<\/p>\n<\/h2>\t\t\t\t<\/div>\n\t\t\t\t<\/div>\n\t\t\t\t\t<\/div>\n\t\t\t\t<\/div>\n\t\t<div class=\"elementor-element elementor-element-9b953bc e-flex e-con-boxed e-con e-parent\" data-id=\"9b953bc\" data-element_type=\"container\">\n\t\t\t\t\t<div class=\"e-con-inner\">\n\t\t<div class=\"elementor-element elementor-element-8a6a2ba e-con-full e-flex e-con e-child\" data-id=\"8a6a2ba\" data-element_type=\"container\">\n\t\t\t\t<div class=\"elementor-element elementor-element-591e2a9 elementor-widget elementor-widget-image\" data-id=\"591e2a9\" data-element_type=\"widget\" data-widget_type=\"image.default\">\n\t\t\t\t\t\t\t\t\t\t\t\t\t\t\t<img decoding=\"async\" width=\"1024\" height=\"1024\" src=\"https:\/\/igter.gouv.cd\/wp-content\/uploads\/2025\/11\/WhatsApp-Image-2025-11-14-at-09.16.27.png\" class=\"attachment-large size-large wp-image-183\" alt=\"\" srcset=\"https:\/\/igter.gouv.cd\/wp-content\/uploads\/2025\/11\/WhatsApp-Image-2025-11-14-at-09.16.27.png 1024w, https:\/\/igter.gouv.cd\/wp-content\/uploads\/2025\/11\/WhatsApp-Image-2025-11-14-at-09.16.27-300x300.png 300w, https:\/\/igter.gouv.cd\/wp-content\/uploads\/2025\/11\/WhatsApp-Image-2025-11-14-at-09.16.27-150x150.png 150w, https:\/\/igter.gouv.cd\/wp-content\/uploads\/2025\/11\/WhatsApp-Image-2025-11-14-at-09.16.27-768x768.png 768w\" sizes=\"(max-width: 1024px) 100vw, 1024px\" \/>\t\t\t\t\t\t\t\t\t\t\t\t\t\t\t<\/div>\n\t\t\t\t<\/div>\n\t\t<div class=\"elementor-element elementor-element-6520cf6 e-con-full e-flex e-con e-child\" data-id=\"6520cf6\" data-element_type=\"container\">\n\t\t\t\t<div class=\"elementor-element elementor-element-b55f091 elementor-widget__width-initial elementor-widget elementor-widget-heading\" data-id=\"b55f091\" data-element_type=\"widget\" data-widget_type=\"heading.default\">\n\t\t\t\t\t<h2 class=\"elementor-heading-title elementor-size-default\">Notre engagement<\/h2>\t\t\t\t<\/div>\n\t\t\t\t<div class=\"elementor-element elementor-element-61cc816 elementor-widget elementor-widget-text-editor\" data-id=\"61cc816\" data-element_type=\"widget\" data-widget_type=\"text-editor.default\">\n\t\t\t\t\t\t\t\t\t<p>Nous \u0153uvrons chaque jour \u00e0 :\u00a0Renforcer la performance de l\u2019administration\u00a0Assurer la probit\u00e9 des responsables\u00a0Faire respecter fid\u00e8lement les lois de la R\u00e9publique D\u00e9mocratique du Congo<\/p>\t\t\t\t\t\t\t\t<\/div>\n\t\t\t\t<\/div>\n\t\t<div class=\"elementor-element elementor-element-254fa7e e-con-full e-flex e-con e-child\" data-id=\"254fa7e\" data-element_type=\"container\">\n\t\t\t\t<div class=\"elementor-element elementor-element-395da8f elementor-widget__width-initial elementor-widget elementor-widget-image\" data-id=\"395da8f\" data-element_type=\"widget\" data-widget_type=\"image.default\">\n\t\t\t\t\t\t\t\t\t\t\t\t\t\t\t<img loading=\"lazy\" decoding=\"async\" width=\"1024\" height=\"1024\" src=\"https:\/\/igter.gouv.cd\/wp-content\/uploads\/2025\/11\/WhatsApp-Image-2025-11-14-at-09.18.39.png\" class=\"attachment-large size-large wp-image-184\" alt=\"\" srcset=\"https:\/\/igter.gouv.cd\/wp-content\/uploads\/2025\/11\/WhatsApp-Image-2025-11-14-at-09.18.39.png 1024w, https:\/\/igter.gouv.cd\/wp-content\/uploads\/2025\/11\/WhatsApp-Image-2025-11-14-at-09.18.39-300x300.png 300w, https:\/\/igter.gouv.cd\/wp-content\/uploads\/2025\/11\/WhatsApp-Image-2025-11-14-at-09.18.39-150x150.png 150w, https:\/\/igter.gouv.cd\/wp-content\/uploads\/2025\/11\/WhatsApp-Image-2025-11-14-at-09.18.39-768x768.png 768w\" sizes=\"(max-width: 1024px) 100vw, 1024px\" \/>\t\t\t\t\t\t\t\t\t\t\t\t\t\t\t<\/div>\n\t\t\t\t<\/div>\n\t\t<div class=\"elementor-element elementor-element-0e509a2 e-con-full e-flex e-con e-child\" data-id=\"0e509a2\" data-element_type=\"container\">\n\t\t\t\t<div class=\"elementor-element elementor-element-fb771b9 elementor-widget elementor-widget-heading\" data-id=\"fb771b9\" data-element_type=\"widget\" data-widget_type=\"heading.default\">\n\t\t\t\t\t<h2 class=\"elementor-heading-title elementor-size-default\">Action sur terrain<\/h2>\t\t\t\t<\/div>\n\t\t\t\t<div class=\"elementor-element elementor-element-12ae75c elementor-widget__width-initial elementor-widget elementor-widget-heading\" data-id=\"12ae75c\" data-element_type=\"widget\" data-widget_type=\"heading.default\">\n\t\t\t\t\t<h2 class=\"elementor-heading-title elementor-size-default\">Auditer, conseiller et pr\u00e9venir toute d\u00e9faillance<\/h2>\t\t\t\t<\/div>\n\t\t\t\t<\/div>\n\t\t\t\t\t<\/div>\n\t\t\t\t<\/div>\n\t\t\t\t<\/div>\n\t\t","protected":false},"excerpt":{"rendered":"<p>Historique Historique\u00a0: Cr\u00e9\u00e9e sous tutelle du Minist\u00e8re de l\u2019Int\u00e9rieur par un d\u00e9cret-loi en 1998, dans un contexte de transition politique et de r\u00e9forme de l&rsquo;\u00c9tat, l\u2019Inspection G\u00e9n\u00e9rale de la Territoriale (IGTER) est un organe technique de contr\u00f4le et de suivi. Elle est n\u00e9e d\u2019un besoin crucial de renforcer la transparence, la redevabilit\u00e9 et la bonne [&hellip;]<\/p>\n","protected":false},"author":1,"featured_media":0,"parent":0,"menu_order":0,"comment_status":"closed","ping_status":"open","template":"","meta":{"_kadence_starter_templates_imported_post":false,"footnotes":""},"class_list":["post-2","page","type-page","status-publish","hentry"],"_links":{"self":[{"href":"https:\/\/igter.gouv.cd\/index.php?rest_route=\/wp\/v2\/pages\/2","targetHints":{"allow":["GET"]}}],"collection":[{"href":"https:\/\/igter.gouv.cd\/index.php?rest_route=\/wp\/v2\/pages"}],"about":[{"href":"https:\/\/igter.gouv.cd\/index.php?rest_route=\/wp\/v2\/types\/page"}],"author":[{"embeddable":true,"href":"https:\/\/igter.gouv.cd\/index.php?rest_route=\/wp\/v2\/users\/1"}],"replies":[{"embeddable":true,"href":"https:\/\/igter.gouv.cd\/index.php?rest_route=%2Fwp%2Fv2%2Fcomments&post=2"}],"version-history":[{"count":8,"href":"https:\/\/igter.gouv.cd\/index.php?rest_route=\/wp\/v2\/pages\/2\/revisions"}],"predecessor-version":[{"id":192,"href":"https:\/\/igter.gouv.cd\/index.php?rest_route=\/wp\/v2\/pages\/2\/revisions\/192"}],"wp:attachment":[{"href":"https:\/\/igter.gouv.cd\/index.php?rest_route=%2Fwp%2Fv2%2Fmedia&parent=2"}],"curies":[{"name":"wp","href":"https:\/\/api.w.org\/{rel}","templated":true}]}}