{"id":8,"date":"2025-10-29T14:24:55","date_gmt":"2025-10-29T14:24:55","guid":{"rendered":"https:\/\/igter.gouv.cd\/?page_id=8"},"modified":"2025-11-14T16:03:13","modified_gmt":"2025-11-14T16:03:13","slug":"accueil","status":"publish","type":"page","link":"https:\/\/igter.gouv.cd\/?page_id=8","title":{"rendered":"Accueil"},"content":{"rendered":"\t\t<div data-elementor-type=\"wp-page\" data-elementor-id=\"8\" class=\"elementor elementor-8\">\n\t\t\t\t<div class=\"elementor-element elementor-element-61f1802 e-flex e-con-boxed e-con e-parent\" data-id=\"61f1802\" data-element_type=\"container\" data-settings=\"{&quot;background_background&quot;:&quot;classic&quot;}\">\n\t\t\t\t\t<div class=\"e-con-inner\">\n\t\t<div class=\"elementor-element elementor-element-bd1079a e-con-full e-flex e-con e-child\" data-id=\"bd1079a\" data-element_type=\"container\">\n\t\t\t\t<div class=\"elementor-element elementor-element-0d07766 elementor-widget__width-initial elementor-widget elementor-widget-heading\" data-id=\"0d07766\" data-element_type=\"widget\" data-widget_type=\"heading.default\">\n\t\t\t\t\t<h2 class=\"elementor-heading-title elementor-size-default\"><br>BIENVENUE SUR LE SITE DE<br>L'IGTER - INSPECTION<br>GENERALE DE LA TERRITORIALE<\/h2>\t\t\t\t<\/div>\n\t\t\t\t<div class=\"elementor-element elementor-element-66dc7ab elementor-widget elementor-widget-text-editor\" data-id=\"66dc7ab\" data-element_type=\"widget\" data-widget_type=\"text-editor.default\">\n\t\t\t\t\t\t\t\t\t<p>Votre partenaire pour la transparence , le contr\u00f4le et la bonne gouvernance territoriale en RDC.<\/p>\t\t\t\t\t\t\t\t<\/div>\n\t\t\t\t<div class=\"elementor-element elementor-element-cc5584c elementor-widget__width-initial elementor-widget elementor-widget-button\" data-id=\"cc5584c\" data-element_type=\"widget\" data-widget_type=\"button.default\">\n\t\t\t\t\t\t\t\t\t\t<a class=\"elementor-button elementor-button-link elementor-size-sm\" href=\"#\">\n\t\t\t\t\t\t<span class=\"elementor-button-content-wrapper\">\n\t\t\t\t\t\t\t\t\t<span class=\"elementor-button-text\">En Savoir plus<\/span>\n\t\t\t\t\t<\/span>\n\t\t\t\t\t<\/a>\n\t\t\t\t\t\t\t\t<\/div>\n\t\t\t\t<\/div>\n\t\t<div class=\"elementor-element elementor-element-54a4011 e-con-full e-flex e-con e-child\" data-id=\"54a4011\" data-element_type=\"container\">\n\t\t\t\t<div class=\"elementor-element elementor-element-58d14c2 elementor-invisible elementor-widget elementor-widget-image\" data-id=\"58d14c2\" data-element_type=\"widget\" data-settings=\"{&quot;_animation&quot;:&quot;zoomIn&quot;,&quot;_animation_delay&quot;:200}\" data-widget_type=\"image.default\">\n\t\t\t\t\t\t\t\t\t\t\t\t\t\t\t<img fetchpriority=\"high\" decoding=\"async\" width=\"1024\" height=\"948\" src=\"https:\/\/igter.gouv.cd\/wp-content\/uploads\/2025\/11\/drap-1024x948.png\" class=\"attachment-large size-large wp-image-178\" alt=\"\" srcset=\"https:\/\/igter.gouv.cd\/wp-content\/uploads\/2025\/11\/drap-1024x948.png 1024w, https:\/\/igter.gouv.cd\/wp-content\/uploads\/2025\/11\/drap-300x278.png 300w, https:\/\/igter.gouv.cd\/wp-content\/uploads\/2025\/11\/drap-768x711.png 768w, https:\/\/igter.gouv.cd\/wp-content\/uploads\/2025\/11\/drap.png 1450w\" sizes=\"(max-width: 1024px) 100vw, 1024px\" \/>\t\t\t\t\t\t\t\t\t\t\t\t\t\t\t<\/div>\n\t\t\t\t<\/div>\n\t\t\t\t\t<\/div>\n\t\t\t\t<\/div>\n\t\t<div class=\"elementor-element elementor-element-89683b9 e-flex e-con-boxed e-con e-parent\" data-id=\"89683b9\" data-element_type=\"container\">\n\t\t\t\t\t<div class=\"e-con-inner\">\n\t\t\t\t<div class=\"elementor-element elementor-element-c05767b elementor-widget elementor-widget-heading\" data-id=\"c05767b\" data-element_type=\"widget\" data-widget_type=\"heading.default\">\n\t\t\t\t\t<h2 class=\"elementor-heading-title elementor-size-default\"><br><br>A PROPOS<\/h2>\t\t\t\t<\/div>\n\t\t\t\t<div class=\"elementor-element elementor-element-2edc56b elementor-widget elementor-widget-text-editor\" data-id=\"2edc56b\" data-element_type=\"widget\" data-widget_type=\"text-editor.default\">\n\t\t\t\t\t\t\t\t\t<p>L&rsquo;IGTR est un organe de contr\u00f4le , d&rsquo;audit administratif et de suivi, rattach\u00e9 au Minist\u00e8re de l&rsquo;int\u00e9rieur , s\u00e9curit\u00e9 et Affaires coutumi\u00e8res.<\/p><p>Notre r\u00f4le : assurer le contr\u00f4le\u00a0<span style=\"letter-spacing: 0px; background-color: rgba(0, 0, 0, 0);\">administratif des autorit\u00e9s politico-administratives \u00e0 tous les niveaux :\u00a0 <\/span><span style=\"background-color: rgba(0, 0, 0, 0); letter-spacing: 0px;\">Province, territoires, villes , communes, secteurs et chefferies.<\/span><\/p>\t\t\t\t\t\t\t\t<\/div>\n\t\t\t\t\t<\/div>\n\t\t\t\t<\/div>\n\t\t<div class=\"elementor-element elementor-element-ed7ee18 e-flex e-con-boxed e-con e-parent\" data-id=\"ed7ee18\" data-element_type=\"container\" data-settings=\"{&quot;background_background&quot;:&quot;classic&quot;}\">\n\t\t\t\t\t<div class=\"e-con-inner\">\n\t\t\t\t<div class=\"elementor-element elementor-element-8ffbcce elementor-widget__width-initial elementor-widget-mobile__width-initial elementor-widget elementor-widget-heading\" data-id=\"8ffbcce\" data-element_type=\"widget\" data-widget_type=\"heading.default\">\n\t\t\t\t\t<h2 class=\"elementor-heading-title elementor-size-default\"><br>         ATTRIBUTIONS CLES<\/h2>\t\t\t\t<\/div>\n\t\t\t\t\t<\/div>\n\t\t\t\t<\/div>\n\t\t<div class=\"elementor-element elementor-element-cc2fcde e-flex e-con-boxed e-con e-parent\" data-id=\"cc2fcde\" data-element_type=\"container\" data-settings=\"{&quot;background_background&quot;:&quot;classic&quot;}\">\n\t\t\t\t\t<div class=\"e-con-inner\">\n\t\t<div class=\"elementor-element elementor-element-4ede79d e-con-full e-flex e-con e-child\" data-id=\"4ede79d\" data-element_type=\"container\" data-settings=\"{&quot;background_background&quot;:&quot;classic&quot;}\">\n\t\t\t\t<div class=\"elementor-element elementor-element-4db61ea elementor-widget__width-initial elementor-widget elementor-widget-image\" data-id=\"4db61ea\" data-element_type=\"widget\" data-widget_type=\"image.default\">\n\t\t\t\t\t\t\t\t\t\t\t\t\t\t\t<img decoding=\"async\" width=\"1024\" height=\"1024\" src=\"https:\/\/igter.gouv.cd\/wp-content\/uploads\/2025\/11\/WhatsApp-Image-2025-11-06-at-09.17.19.jpeg\" class=\"attachment-large size-large wp-image-140\" alt=\"\" srcset=\"https:\/\/igter.gouv.cd\/wp-content\/uploads\/2025\/11\/WhatsApp-Image-2025-11-06-at-09.17.19.jpeg 1024w, https:\/\/igter.gouv.cd\/wp-content\/uploads\/2025\/11\/WhatsApp-Image-2025-11-06-at-09.17.19-300x300.jpeg 300w, https:\/\/igter.gouv.cd\/wp-content\/uploads\/2025\/11\/WhatsApp-Image-2025-11-06-at-09.17.19-150x150.jpeg 150w, https:\/\/igter.gouv.cd\/wp-content\/uploads\/2025\/11\/WhatsApp-Image-2025-11-06-at-09.17.19-768x768.jpeg 768w\" sizes=\"(max-width: 1024px) 100vw, 1024px\" \/>\t\t\t\t\t\t\t\t\t\t\t\t\t\t\t<\/div>\n\t\t\t\t<div class=\"elementor-element elementor-element-19e5627 elementor-widget__width-initial elementor-widget elementor-widget-heading\" data-id=\"19e5627\" data-element_type=\"widget\" data-widget_type=\"heading.default\">\n\t\t\t\t\t<h2 class=\"elementor-heading-title elementor-size-default\">Controle des entit\u00e9s territoriales<\/h2>\t\t\t\t<\/div>\n\t\t\t\t<div class=\"elementor-element elementor-element-fdccb82 elementor-widget elementor-widget-text-editor\" data-id=\"fdccb82\" data-element_type=\"widget\" data-widget_type=\"text-editor.default\">\n\t\t\t\t\t\t\t\t\t<p style=\"text-align: center;\">Contr\u00f4le le respect des lois ainsi que la r\u00e9gularit\u00e9 des op\u00e9rations financi\u00e8res.<\/p>\t\t\t\t\t\t\t\t<\/div>\n\t\t\t\t<\/div>\n\t\t<div class=\"elementor-element elementor-element-1435012 e-con-full e-flex e-con e-child\" data-id=\"1435012\" data-element_type=\"container\" data-settings=\"{&quot;background_background&quot;:&quot;classic&quot;}\">\n\t\t\t\t<div class=\"elementor-element elementor-element-c042c40 elementor-widget__width-initial elementor-widget elementor-widget-image\" data-id=\"c042c40\" data-element_type=\"widget\" data-widget_type=\"image.default\">\n\t\t\t\t\t\t\t\t\t\t\t\t\t\t\t<img decoding=\"async\" width=\"1024\" height=\"1024\" src=\"https:\/\/igter.gouv.cd\/wp-content\/uploads\/2025\/11\/WhatsApp-Image-2025-11-06-at-09.22.53.jpeg\" class=\"attachment-large size-large wp-image-141\" alt=\"\" srcset=\"https:\/\/igter.gouv.cd\/wp-content\/uploads\/2025\/11\/WhatsApp-Image-2025-11-06-at-09.22.53.jpeg 1024w, https:\/\/igter.gouv.cd\/wp-content\/uploads\/2025\/11\/WhatsApp-Image-2025-11-06-at-09.22.53-300x300.jpeg 300w, https:\/\/igter.gouv.cd\/wp-content\/uploads\/2025\/11\/WhatsApp-Image-2025-11-06-at-09.22.53-150x150.jpeg 150w, https:\/\/igter.gouv.cd\/wp-content\/uploads\/2025\/11\/WhatsApp-Image-2025-11-06-at-09.22.53-768x768.jpeg 768w\" sizes=\"(max-width: 1024px) 100vw, 1024px\" \/>\t\t\t\t\t\t\t\t\t\t\t\t\t\t\t<\/div>\n\t\t\t\t<div class=\"elementor-element elementor-element-83c70ef elementor-widget elementor-widget-heading\" data-id=\"83c70ef\" data-element_type=\"widget\" data-widget_type=\"heading.default\">\n\t\t\t\t\t<h2 class=\"elementor-heading-title elementor-size-default\">Evaluation des administrateurs<\/h2>\t\t\t\t<\/div>\n\t\t\t\t<div class=\"elementor-element elementor-element-0a91c60 elementor-widget elementor-widget-text-editor\" data-id=\"0a91c60\" data-element_type=\"widget\" data-widget_type=\"text-editor.default\">\n\t\t\t\t\t\t\t\t\t<p style=\"text-align: center;\">Evalue la gestion des responsables territoriaux et rapporter tout dysfonctionnement.<\/p>\t\t\t\t\t\t\t\t<\/div>\n\t\t\t\t<\/div>\n\t\t<div class=\"elementor-element elementor-element-cb26d12 e-con-full e-flex e-con e-child\" data-id=\"cb26d12\" data-element_type=\"container\" data-settings=\"{&quot;background_background&quot;:&quot;classic&quot;}\">\n\t\t\t\t<div class=\"elementor-element elementor-element-a70ecee elementor-widget__width-initial elementor-widget elementor-widget-image\" data-id=\"a70ecee\" data-element_type=\"widget\" data-widget_type=\"image.default\">\n\t\t\t\t\t\t\t\t\t\t\t\t\t\t\t<img loading=\"lazy\" decoding=\"async\" width=\"1024\" height=\"1024\" src=\"https:\/\/igter.gouv.cd\/wp-content\/uploads\/2025\/11\/WhatsApp-Image-2025-11-06-at-17.27.25.jpeg\" class=\"attachment-large size-large wp-image-165\" alt=\"\" srcset=\"https:\/\/igter.gouv.cd\/wp-content\/uploads\/2025\/11\/WhatsApp-Image-2025-11-06-at-17.27.25.jpeg 1024w, https:\/\/igter.gouv.cd\/wp-content\/uploads\/2025\/11\/WhatsApp-Image-2025-11-06-at-17.27.25-300x300.jpeg 300w, https:\/\/igter.gouv.cd\/wp-content\/uploads\/2025\/11\/WhatsApp-Image-2025-11-06-at-17.27.25-150x150.jpeg 150w, https:\/\/igter.gouv.cd\/wp-content\/uploads\/2025\/11\/WhatsApp-Image-2025-11-06-at-17.27.25-768x768.jpeg 768w\" sizes=\"(max-width: 1024px) 100vw, 1024px\" \/>\t\t\t\t\t\t\t\t\t\t\t\t\t\t\t<\/div>\n\t\t\t\t<div class=\"elementor-element elementor-element-ce9c472 elementor-widget elementor-widget-heading\" data-id=\"ce9c472\" data-element_type=\"widget\" data-widget_type=\"heading.default\">\n\t\t\t\t\t<h2 class=\"elementor-heading-title elementor-size-default\">Lutte contre <br>la mauvaise gouvernance<\/h2>\t\t\t\t<\/div>\n\t\t\t\t<div class=\"elementor-element elementor-element-c9807fc elementor-widget elementor-widget-text-editor\" data-id=\"c9807fc\" data-element_type=\"widget\" data-widget_type=\"text-editor.default\">\n\t\t\t\t\t\t\t\t\t<p>Signale les abus et violations des droits et peut recommander des sanctions administratives.<\/p>\t\t\t\t\t\t\t\t<\/div>\n\t\t\t\t<\/div>\n\t\t<div class=\"elementor-element elementor-element-dc4f380 e-con-full e-flex e-con e-child\" data-id=\"dc4f380\" data-element_type=\"container\" data-settings=\"{&quot;background_background&quot;:&quot;classic&quot;}\">\n\t\t\t\t<div class=\"elementor-element elementor-element-c1f86e1 elementor-widget__width-initial elementor-widget elementor-widget-image\" data-id=\"c1f86e1\" data-element_type=\"widget\" data-widget_type=\"image.default\">\n\t\t\t\t\t\t\t\t\t\t\t\t\t\t\t<img loading=\"lazy\" decoding=\"async\" width=\"1024\" height=\"1024\" src=\"https:\/\/igter.gouv.cd\/wp-content\/uploads\/2025\/11\/WhatsApp-Image-2025-11-06-at-17.29.43.jpeg\" class=\"attachment-large size-large wp-image-164\" alt=\"\" srcset=\"https:\/\/igter.gouv.cd\/wp-content\/uploads\/2025\/11\/WhatsApp-Image-2025-11-06-at-17.29.43.jpeg 1024w, https:\/\/igter.gouv.cd\/wp-content\/uploads\/2025\/11\/WhatsApp-Image-2025-11-06-at-17.29.43-300x300.jpeg 300w, https:\/\/igter.gouv.cd\/wp-content\/uploads\/2025\/11\/WhatsApp-Image-2025-11-06-at-17.29.43-150x150.jpeg 150w, https:\/\/igter.gouv.cd\/wp-content\/uploads\/2025\/11\/WhatsApp-Image-2025-11-06-at-17.29.43-768x768.jpeg 768w\" sizes=\"(max-width: 1024px) 100vw, 1024px\" \/>\t\t\t\t\t\t\t\t\t\t\t\t\t\t\t<\/div>\n\t\t\t\t<div class=\"elementor-element elementor-element-1f9331a elementor-widget elementor-widget-heading\" data-id=\"1f9331a\" data-element_type=\"widget\" data-widget_type=\"heading.default\">\n\t\t\t\t\t<h2 class=\"elementor-heading-title elementor-size-default\">Suivi de l'autorit\u00e9 de l'Etat<\/h2>\t\t\t\t<\/div>\n\t\t\t\t<div class=\"elementor-element elementor-element-4d5f331 elementor-widget elementor-widget-text-editor\" data-id=\"4d5f331\" data-element_type=\"widget\" data-widget_type=\"text-editor.default\">\n\t\t\t\t\t\t\t\t\t<p style=\"text-align: center;\">V\u00e9rifie la pr\u00e9sence et l&rsquo;efficacit\u00e9 des structures de l&rsquo;Etat dans les territoires.<\/p>\t\t\t\t\t\t\t\t<\/div>\n\t\t\t\t<\/div>\n\t\t\t\t\t<\/div>\n\t\t\t\t<\/div>\n\t\t<div class=\"elementor-element elementor-element-ede4e49 e-flex e-con-boxed e-con e-parent\" data-id=\"ede4e49\" data-element_type=\"container\" data-settings=\"{&quot;background_background&quot;:&quot;classic&quot;}\">\n\t\t\t\t\t<div class=\"e-con-inner\">\n\t\t<div class=\"elementor-element elementor-element-b7d00bf e-con-full e-flex e-con e-child\" data-id=\"b7d00bf\" data-element_type=\"container\" data-settings=\"{&quot;background_background&quot;:&quot;gradient&quot;}\">\n\t\t\t\t<div class=\"elementor-element elementor-element-801899c elementor-widget elementor-widget-heading\" data-id=\"801899c\" data-element_type=\"widget\" data-widget_type=\"heading.default\">\n\t\t\t\t\t<h2 class=\"elementor-heading-title elementor-size-default\"><br>POURQUOI NOUS CONSULTER ?<\/h2>\t\t\t\t<\/div>\n\t\t\t\t<div class=\"elementor-element elementor-element-f33e092 elementor-widget elementor-widget-text-editor\" data-id=\"f33e092\" data-element_type=\"widget\" data-widget_type=\"text-editor.default\">\n\t\t\t\t\t\t\t\t\t<p>L&rsquo;IGTER est votre partenaire pour la transparence et la bonne gouvernance locale.\u00a0<span style=\"background-color: rgba(0, 0, 0, 0);\">Nos rapports et Analyses garantissent l&rsquo;efficacit\u00e9 des services publics et la protection des droits des citoyens.<\/span><\/p>\t\t\t\t\t\t\t\t<\/div>\n\t\t\t\t<\/div>\n\t\t<div class=\"elementor-element elementor-element-c68a233 e-con-full e-flex e-con e-child\" data-id=\"c68a233\" data-element_type=\"container\" data-settings=\"{&quot;background_background&quot;:&quot;classic&quot;}\">\n\t\t\t\t<div class=\"elementor-element elementor-element-f9c8a58 elementor-widget__width-initial elementor-widget elementor-widget-image\" data-id=\"f9c8a58\" data-element_type=\"widget\" data-widget_type=\"image.default\">\n\t\t\t\t\t\t\t\t\t\t\t\t\t\t\t<img loading=\"lazy\" decoding=\"async\" width=\"1024\" height=\"1024\" src=\"https:\/\/igter.gouv.cd\/wp-content\/uploads\/2025\/11\/WhatsApp-Image-2025-11-06-at-18.21.02.jpeg\" class=\"attachment-large size-large wp-image-166\" alt=\"\" srcset=\"https:\/\/igter.gouv.cd\/wp-content\/uploads\/2025\/11\/WhatsApp-Image-2025-11-06-at-18.21.02.jpeg 1024w, https:\/\/igter.gouv.cd\/wp-content\/uploads\/2025\/11\/WhatsApp-Image-2025-11-06-at-18.21.02-300x300.jpeg 300w, https:\/\/igter.gouv.cd\/wp-content\/uploads\/2025\/11\/WhatsApp-Image-2025-11-06-at-18.21.02-150x150.jpeg 150w, https:\/\/igter.gouv.cd\/wp-content\/uploads\/2025\/11\/WhatsApp-Image-2025-11-06-at-18.21.02-768x768.jpeg 768w\" sizes=\"(max-width: 1024px) 100vw, 1024px\" \/>\t\t\t\t\t\t\t\t\t\t\t\t\t\t\t<\/div>\n\t\t\t\t<\/div>\n\t\t\t\t\t<\/div>\n\t\t\t\t<\/div>\n\t\t\t\t<\/div>\n\t\t","protected":false},"excerpt":{"rendered":"<p>BIENVENUE SUR LE SITE DEL&rsquo;IGTER &#8211; INSPECTIONGENERALE DE LA TERRITORIALE Votre partenaire pour la transparence , le contr\u00f4le et la bonne gouvernance territoriale en RDC. En Savoir plus A PROPOS L&rsquo;IGTR est un organe de contr\u00f4le , d&rsquo;audit administratif et de suivi, rattach\u00e9 au Minist\u00e8re de l&rsquo;int\u00e9rieur , s\u00e9curit\u00e9 et Affaires coutumi\u00e8res. Notre r\u00f4le : [&hellip;]<\/p>\n","protected":false},"author":2,"featured_media":0,"parent":0,"menu_order":0,"comment_status":"closed","ping_status":"closed","template":"","meta":{"_kadence_starter_templates_imported_post":false,"footnotes":""},"class_list":["post-8","page","type-page","status-publish","hentry"],"_links":{"self":[{"href":"https:\/\/igter.gouv.cd\/index.php?rest_route=\/wp\/v2\/pages\/8","targetHints":{"allow":["GET"]}}],"collection":[{"href":"https:\/\/igter.gouv.cd\/index.php?rest_route=\/wp\/v2\/pages"}],"about":[{"href":"https:\/\/igter.gouv.cd\/index.php?rest_route=\/wp\/v2\/types\/page"}],"author":[{"embeddable":true,"href":"https:\/\/igter.gouv.cd\/index.php?rest_route=\/wp\/v2\/users\/2"}],"replies":[{"embeddable":true,"href":"https:\/\/igter.gouv.cd\/index.php?rest_route=%2Fwp%2Fv2%2Fcomments&post=8"}],"version-history":[{"count":33,"href":"https:\/\/igter.gouv.cd\/index.php?rest_route=\/wp\/v2\/pages\/8\/revisions"}],"predecessor-version":[{"id":196,"href":"https:\/\/igter.gouv.cd\/index.php?rest_route=\/wp\/v2\/pages\/8\/revisions\/196"}],"wp:attachment":[{"href":"https:\/\/igter.gouv.cd\/index.php?rest_route=%2Fwp%2Fv2%2Fmedia&parent=8"}],"curies":[{"name":"wp","href":"https:\/\/api.w.org\/{rel}","templated":true}]}}